{"id":62,"date":"2024-01-30T11:36:54","date_gmt":"2024-01-30T10:36:54","guid":{"rendered":"https:\/\/lesassembleurs.asb-digital.fr\/?page_id=62"},"modified":"2024-04-09T13:49:59","modified_gmt":"2024-04-09T11:49:59","slug":"mentions-legales","status":"publish","type":"page","link":"https:\/\/www.lesassembleurs.fr\/en\/mentions-legales\/","title":{"rendered":"Legal Information"},"content":{"rendered":"\t\t<div data-elementor-type=\"wp-page\" data-elementor-id=\"62\" class=\"elementor elementor-62\" data-elementor-post-type=\"page\">\n\t\t\t\t\t\t<section class=\"elementor-section elementor-top-section elementor-element elementor-element-05b151c elementor-section-height-min-height elementor-section-content-middle elementor-section-boxed elementor-section-height-default elementor-section-items-middle wpr-particle-no wpr-jarallax-no wpr-parallax-no wpr-sticky-section-no wpr-column-slider-no wpr-equal-height-no elementor-invisible\" data-id=\"05b151c\" data-element_type=\"section\" data-e-type=\"section\" data-settings=\"{&quot;background_background&quot;:&quot;classic&quot;,&quot;motion_fx_motion_fx_scrolling&quot;:&quot;yes&quot;,&quot;animation&quot;:&quot;fadeIn&quot;,&quot;motion_fx_devices&quot;:[&quot;widescreen&quot;,&quot;desktop&quot;,&quot;laptop&quot;,&quot;tablet_extra&quot;,&quot;tablet&quot;,&quot;mobile_extra&quot;,&quot;mobile&quot;]}\">\n\t\t\t\t\t\t\t<div class=\"elementor-background-overlay\"><\/div>\n\t\t\t\t\t\t\t<div class=\"elementor-container elementor-column-gap-default\">\n\t\t\t\t\t<div class=\"elementor-column elementor-col-100 elementor-top-column elementor-element elementor-element-00565e9\" data-id=\"00565e9\" data-element_type=\"column\" data-e-type=\"column\">\n\t\t\t<div class=\"elementor-widget-wrap elementor-element-populated\">\n\t\t\t\t\t\t<div class=\"elementor-element elementor-element-7f1cf2f elementor-invisible elementor-widget elementor-widget-image\" data-id=\"7f1cf2f\" data-element_type=\"widget\" data-e-type=\"widget\" data-settings=\"{&quot;_animation&quot;:&quot;fadeIn&quot;}\" data-widget_type=\"image.default\">\n\t\t\t\t<div class=\"elementor-widget-container\">\n\t\t\t\t\t\t\t\t\t\t\t\t\t\t\t<img decoding=\"async\" width=\"130\" height=\"130\" src=\"https:\/\/www.lesassembleurs.fr\/wp-content\/uploads\/2024\/03\/logo-les-assembleurs-white-wine.svg\" class=\"attachment-large size-large wp-image-2329\" alt=\"Logo blanc - Les Assembleurs\" \/>\t\t\t\t\t\t\t\t\t\t\t\t\t\t\t<\/div>\n\t\t\t\t<\/div>\n\t\t\t\t<div class=\"elementor-element elementor-element-1008a2d elementor-invisible elementor-widget elementor-widget-heading\" data-id=\"1008a2d\" data-element_type=\"widget\" data-e-type=\"widget\" data-settings=\"{&quot;_animation&quot;:&quot;fadeInDown&quot;}\" data-widget_type=\"heading.default\">\n\t\t\t\t<div class=\"elementor-widget-container\">\n\t\t\t\t\t<h1 class=\"elementor-heading-title elementor-size-default\">Les Assembleurs<\/h1>\t\t\t\t<\/div>\n\t\t\t\t<\/div>\n\t\t\t\t<div class=\"elementor-element elementor-element-160094f elementor-invisible elementor-widget elementor-widget-heading\" data-id=\"160094f\" data-element_type=\"widget\" data-e-type=\"widget\" data-settings=\"{&quot;_animation&quot;:&quot;fadeInUp&quot;}\" data-widget_type=\"heading.default\">\n\t\t\t\t<div class=\"elementor-widget-container\">\n\t\t\t\t\t<h1 class=\"elementor-heading-title elementor-size-default\">Mentions l\u00e9gales<\/h1>\t\t\t\t<\/div>\n\t\t\t\t<\/div>\n\t\t\t\t\t<\/div>\n\t\t<\/div>\n\t\t\t\t\t<\/div>\n\t\t<\/section>\n\t\t\t\t<section class=\"elementor-section elementor-top-section elementor-element elementor-element-417e860 elementor-section-boxed elementor-section-height-default elementor-section-height-default wpr-particle-no wpr-jarallax-no wpr-parallax-no wpr-sticky-section-no wpr-column-slider-no wpr-equal-height-no\" data-id=\"417e860\" data-element_type=\"section\" data-e-type=\"section\">\n\t\t\t\t\t\t<div class=\"elementor-container elementor-column-gap-default\">\n\t\t\t\t\t<div class=\"elementor-column elementor-col-100 elementor-top-column elementor-element elementor-element-e9ead7f\" data-id=\"e9ead7f\" data-element_type=\"column\" data-e-type=\"column\">\n\t\t\t<div class=\"elementor-widget-wrap elementor-element-populated\">\n\t\t\t\t\t\t<div class=\"elementor-element elementor-element-bce1942 elementor-widget elementor-widget-breadcrumbs\" data-id=\"bce1942\" data-element_type=\"widget\" data-e-type=\"widget\" data-widget_type=\"breadcrumbs.default\">\n\t\t\t\t<div class=\"elementor-widget-container\">\n\t\t\t\t\t<div id=\"breadcrumbs\"><span><span><a href=\"https:\/\/www.lesassembleurs.fr\/\">Accueil<\/a><\/span><\/span><\/div>\t\t\t\t<\/div>\n\t\t\t\t<\/div>\n\t\t\t\t<div class=\"elementor-element elementor-element-6136946 elementor-widget elementor-widget-heading\" data-id=\"6136946\" data-element_type=\"widget\" data-e-type=\"widget\" data-widget_type=\"heading.default\">\n\t\t\t\t<div class=\"elementor-widget-container\">\n\t\t\t\t\t<h2 class=\"elementor-heading-title elementor-size-default\">1. Pr\u00e9sentation du site<\/h2>\t\t\t\t<\/div>\n\t\t\t\t<\/div>\n\t\t\t\t<div class=\"elementor-element elementor-element-8701041 elementor-widget elementor-widget-text-editor\" data-id=\"8701041\" data-element_type=\"widget\" data-e-type=\"widget\" data-widget_type=\"text-editor.default\">\n\t\t\t\t<div class=\"elementor-widget-container\">\n\t\t\t\t\t\t\t\t\t<p><b>LES ASSEMBLEURS RESTAURANTS<br \/><\/b><br \/><b>SIRET<\/b>\u00a0: 84492297100032<br \/><b>SIREN<\/b>\u00a0: 844922971<br \/><b>RCS<\/b>\u00a0: Lyon B 844 922 971<\/p><p><b>Adresse<\/b>\u00a0: 13, boulevard Edmond Michelet &#8211; 69008 LYON<br \/><b>T\u00e9l.<\/b>\u00a0: 06 23 96 04 51<br \/><b>Mail<\/b>\u00a0:\u00a0<a href=\"obfsm:YW50b2luZW9yYW5AbGVzYXNzZW1ibGV1cnMuZnI=\">antoineoran@lesassembleurs.fr<\/a><\/p><p><b>Responsable publication<\/b>\u00a0: Antoine ORAN<br \/>Le responsable publication est une personne physique ou une personne morale.<\/p><p><b>Cr\u00e9ation<\/b> : L\u00f6 Design &#8211; Laure MOREY &#8211; <a href=\"https:\/\/www.laure-morey.com\/\" target=\"_blank\" rel=\"noopener\">www.laure-morey.com<\/a><br \/><b>Webmaster<\/b> : L\u00f6 Design &#8211; Laure MOREY &#8211; <a href=\"https:\/\/www.laure-morey.com\/\" target=\"_blank\" rel=\"noopener\">www.laure-morey.com<\/a><br \/><b>H\u00e9bergeur<\/b>\u00a0: OVH SAS \u2013 2 rue Kellermann 59100 Roubaix, France<\/p>\t\t\t\t\t\t\t\t<\/div>\n\t\t\t\t<\/div>\n\t\t\t\t<div class=\"elementor-element elementor-element-c3b3ee4 elementor-widget elementor-widget-heading\" data-id=\"c3b3ee4\" data-element_type=\"widget\" data-e-type=\"widget\" data-widget_type=\"heading.default\">\n\t\t\t\t<div class=\"elementor-widget-container\">\n\t\t\t\t\t<h3 class=\"elementor-heading-title elementor-size-default\">2. Conditions g\u00e9n\u00e9rales d'utilisation du site et des services propos\u00e9s\n<\/h3>\t\t\t\t<\/div>\n\t\t\t\t<\/div>\n\t\t\t\t<div class=\"elementor-element elementor-element-269a02c elementor-widget elementor-widget-text-editor\" data-id=\"269a02c\" data-element_type=\"widget\" data-e-type=\"widget\" data-widget_type=\"text-editor.default\">\n\t\t\t\t<div class=\"elementor-widget-container\">\n\t\t\t\t\t\t\t\t\t<p>L&rsquo;utilisation du site <a href=\"https:\/\/www.lesassembleurs.fr\">https:\/\/www.lesassembleurs.fr<\/a>\u00a0implique l&rsquo;acceptation pleine et enti\u00e8re des conditions g\u00e9n\u00e9rales d&rsquo;utilisation ci-apr\u00e8s d\u00e9crites qui sont susceptibles d&rsquo;\u00eatre modifi\u00e9es ou compl\u00e9t\u00e9es \u00e0 tout moment, les utilisateurs sont donc invit\u00e9s \u00e0 les consulter de mani\u00e8re r\u00e9guli\u00e8re. De la m\u00eame fa\u00e7on, les contenus de ce site sont mis \u00e0 jour r\u00e9guli\u00e8rement par le responsable de publication.<\/p>\t\t\t\t\t\t\t\t<\/div>\n\t\t\t\t<\/div>\n\t\t\t\t<div class=\"elementor-element elementor-element-7a519d3 elementor-widget elementor-widget-heading\" data-id=\"7a519d3\" data-element_type=\"widget\" data-e-type=\"widget\" data-widget_type=\"heading.default\">\n\t\t\t\t<div class=\"elementor-widget-container\">\n\t\t\t\t\t<h3 class=\"elementor-heading-title elementor-size-default\">3. Description des services fournis<\/h3>\t\t\t\t<\/div>\n\t\t\t\t<\/div>\n\t\t\t\t<div class=\"elementor-element elementor-element-9b4d6b8 elementor-widget elementor-widget-text-editor\" data-id=\"9b4d6b8\" data-element_type=\"widget\" data-e-type=\"widget\" data-widget_type=\"text-editor.default\">\n\t\t\t\t<div class=\"elementor-widget-container\">\n\t\t\t\t\t\t\t\t\t<p>Ce site internet a pour objet de fournir une information concernant l&rsquo;ensemble des activit\u00e9s de la soci\u00e9t\u00e9. Le responsable de publication s&rsquo;efforce de fournir sur le site internet, des informations aussi pr\u00e9cises que possible. Toutefois, il ne pourra \u00eatre tenu responsable des omissions, des inexactitudes et des carences dans la mise \u00e0 jour, qu&rsquo;elles soient de son fait ou du fait des tiers partenaires qui lui fournissent ces informations.<\/p><p>Toutes les informations indiqu\u00e9es sur ce site internet sont donn\u00e9es \u00e0 titre indicatif, et sont susceptibles d&rsquo;\u00e9voluer. Par ailleurs, les renseignements y figurant ne sont pas exhaustifs. Ils sont donn\u00e9s sous r\u00e9serve de modifications ayant \u00e9t\u00e9 apport\u00e9es depuis leur mise en ligne.<\/p>\t\t\t\t\t\t\t\t<\/div>\n\t\t\t\t<\/div>\n\t\t\t\t<div class=\"elementor-element elementor-element-e9f6741 elementor-widget elementor-widget-heading\" data-id=\"e9f6741\" data-element_type=\"widget\" data-e-type=\"widget\" data-widget_type=\"heading.default\">\n\t\t\t\t<div class=\"elementor-widget-container\">\n\t\t\t\t\t<h3 class=\"elementor-heading-title elementor-size-default\">4. Limitations contractuelles sur les donn\u00e9es techniques<\/h3>\t\t\t\t<\/div>\n\t\t\t\t<\/div>\n\t\t\t\t<div class=\"elementor-element elementor-element-6ac77e3 elementor-widget elementor-widget-text-editor\" data-id=\"6ac77e3\" data-element_type=\"widget\" data-e-type=\"widget\" data-widget_type=\"text-editor.default\">\n\t\t\t\t<div class=\"elementor-widget-container\">\n\t\t\t\t\t\t\t\t\t<p>Ce site internet utilise la technologie JavaScript.<\/p><p>Ce site internet ne pourra \u00eatre tenu responsable de dommages mat\u00e9riels li\u00e9s \u00e0 l&rsquo;utilisation du site. De plus, l&rsquo;utilisateur du site s&rsquo;engage \u00e0 acc\u00e9der au site en utilisant un mat\u00e9riel r\u00e9cent, ne contenant pas de virus et avec un navigateur de derni\u00e8re g\u00e9n\u00e9ration mis-\u00e0-jour.<\/p>\t\t\t\t\t\t\t\t<\/div>\n\t\t\t\t<\/div>\n\t\t\t\t<div class=\"elementor-element elementor-element-b632266 elementor-widget elementor-widget-heading\" data-id=\"b632266\" data-element_type=\"widget\" data-e-type=\"widget\" data-widget_type=\"heading.default\">\n\t\t\t\t<div class=\"elementor-widget-container\">\n\t\t\t\t\t<h3 class=\"elementor-heading-title elementor-size-default\">5. Propri\u00e9t\u00e9 intellectuelle et contrefa\u00e7ons<\/h3>\t\t\t\t<\/div>\n\t\t\t\t<\/div>\n\t\t\t\t<div class=\"elementor-element elementor-element-81e5c4b elementor-widget elementor-widget-text-editor\" data-id=\"81e5c4b\" data-element_type=\"widget\" data-e-type=\"widget\" data-widget_type=\"text-editor.default\">\n\t\t\t\t<div class=\"elementor-widget-container\">\n\t\t\t\t\t\t\t\t\t<p>Le responsable de publication est propri\u00e9taire des droits de propri\u00e9t\u00e9s intellectuelles ou d\u00e9tient les droits d&rsquo;usage sur tous les \u00e9l\u00e9ments accessibles sur le site (textes, images, vid\u00e9os\u2026 Toute reproduction, repr\u00e9sentation, modification, publication, adaptation de tout ou partie des \u00e9l\u00e9ments du site, est interdite, sauf autorisation \u00e9crite pr\u00e9alable du responsable de publication.<\/p>\t\t\t\t\t\t\t\t<\/div>\n\t\t\t\t<\/div>\n\t\t\t\t<div class=\"elementor-element elementor-element-3a87181 elementor-widget elementor-widget-heading\" data-id=\"3a87181\" data-element_type=\"widget\" data-e-type=\"widget\" data-widget_type=\"heading.default\">\n\t\t\t\t<div class=\"elementor-widget-container\">\n\t\t\t\t\t<h3 class=\"elementor-heading-title elementor-size-default\">6. Gestion des donn\u00e9es personnelles<\/h3>\t\t\t\t<\/div>\n\t\t\t\t<\/div>\n\t\t\t\t<div class=\"elementor-element elementor-element-8230767 elementor-widget elementor-widget-text-editor\" data-id=\"8230767\" data-element_type=\"widget\" data-e-type=\"widget\" data-widget_type=\"text-editor.default\">\n\t\t\t\t<div class=\"elementor-widget-container\">\n\t\t\t\t\t\t\t\t\t<p>A l&rsquo;occasion de l&rsquo;utilisation de ce site internet, peuvent \u00eatres recueillies : l&rsquo;URL des liens par l&rsquo;interm\u00e9diaire desquels l&rsquo;utilisateur a acc\u00e9d\u00e9 au site, l&rsquo;adresse de protocole Internet (IP) de l&rsquo;utilisateur. En tout \u00e9tat de cause, le responsable de publication ne collecte des informations personnelles relatives \u00e0 l&rsquo;utilisateur que pour le besoin de certains services propos\u00e9s par le site comme un formulaire de contact ou un espace compte ou encore des outils de statistiques du site. Aucune information personnelle de l&rsquo;utilisateur du site n&rsquo;est publi\u00e9e \u00e0 l&rsquo;insu de l&rsquo;utilisateur, \u00e9chang\u00e9e, transf\u00e9r\u00e9e, c\u00e9d\u00e9e ou vendue sur un support quelconque \u00e0 des tiers.<\/p><p>Conform\u00e9ment aux articles 38 et suivants de la loi 78-17 du 6 janvier 1978 relative \u00e0 l&rsquo;informatique, aux fichiers et aux libert\u00e9s, tout utilisateur dispose d&rsquo;un droit d&rsquo;acc\u00e8s, de rectification et d&rsquo;opposition aux donn\u00e9es personnelles le concernant, en effectuant sa demande \u00e9crite et sign\u00e9e, accompagn\u00e9e d&rsquo;une copie du titre d&rsquo;identit\u00e9 avec signature du titulaire de la pi\u00e8ce, par courrier postal indiqu\u00e9 ci-dessus ou directement par email \u00e0\u00a0<a href=\"obfsm:YW50b2luZW9yYW5AbGVzYXNzZW1ibGV1cnMuZnI=\">antoineoran@lesassembleurs.fr<\/a>.<\/p><p>Lire la page\u00a0<a href=\"https:\/\/www.lesassembleurs.fr\/confidentialite\" target=\"_blank\" rel=\"noopener\">Confidentialit\u00e9<\/a><\/p>\t\t\t\t\t\t\t\t<\/div>\n\t\t\t\t<\/div>\n\t\t\t\t<div class=\"elementor-element elementor-element-82512e7 elementor-widget elementor-widget-heading\" data-id=\"82512e7\" data-element_type=\"widget\" data-e-type=\"widget\" data-widget_type=\"heading.default\">\n\t\t\t\t<div class=\"elementor-widget-container\">\n\t\t\t\t\t<h3 class=\"elementor-heading-title elementor-size-default\">6. Liens hypertextes et cookies<\/h3>\t\t\t\t<\/div>\n\t\t\t\t<\/div>\n\t\t\t\t<div class=\"elementor-element elementor-element-832b530 elementor-widget elementor-widget-text-editor\" data-id=\"832b530\" data-element_type=\"widget\" data-e-type=\"widget\" data-widget_type=\"text-editor.default\">\n\t\t\t\t<div class=\"elementor-widget-container\">\n\t\t\t\t\t\t\t\t\t<p>Ce site internet peut contenir des liens hypertextes vers d&rsquo;autres sites, mis en place avec l&rsquo;autorisation du responsable de publication. Cependant, il n&rsquo;a pas la possibilit\u00e9 de v\u00e9rifier le contenu des sites ainsi visit\u00e9s, et n&rsquo;assumera en cons\u00e9quence aucune responsabilit\u00e9 de ce fait.<\/p><p>La navigation sur le site est susceptible de provoquer l&rsquo;installation de cookie(s) sur l&rsquo;ordinateur de l&rsquo;utilisateur. Un cookie est un fichier de petite taille, qui ne permet pas l&rsquo;identification de l&rsquo;utilisateur, mais qui enregistre des informations relatives \u00e0 la navigation d&rsquo;un ordinateur sur un site. Les donn\u00e9es ainsi obtenues visent \u00e0 faciliter la navigation ult\u00e9rieure sur le site, et ont \u00e9galement vocation \u00e0 permettre diverses mesures de fr\u00e9quentation.<\/p><p>Le refus d&rsquo;installation d&rsquo;un cookie peut entra\u00eener l&rsquo;impossibilit\u00e9 d&rsquo;acc\u00e9der \u00e0 certains services. L&rsquo;utilisateur peut toutefois configurer son ordinateur de la mani\u00e8re suivante, pour refuser l&rsquo;installation des cookies, vous pouvez g\u00e9rer vos pr\u00e9f\u00e9rences via le bandeau de cookie propos\u00e9 au d\u00e9but de la navigation du site ou modifier ce param\u00e8tre directement via la configuration de votre navigateur. (cf. pour Chrome, Firefox, Safari\u2026).<\/p>\t\t\t\t\t\t\t\t<\/div>\n\t\t\t\t<\/div>\n\t\t\t\t\t<\/div>\n\t\t<\/div>\n\t\t\t\t\t<\/div>\n\t\t<\/section>\n\t\t\t\t<\/div>\n\t\t","protected":false},"excerpt":{"rendered":"<p>Les Assembleurs Mentions l\u00e9gales 1. Pr\u00e9sentation du site LES ASSEMBLEURS RESTAURANTSSIRET\u00a0: 84492297100032SIREN\u00a0: 844922971RCS\u00a0: Lyon B 844 922 971 Adresse\u00a0: 13, boulevard Edmond Michelet &#8211; 69008 LYONT\u00e9l.\u00a0: 06 23 96 04 51Mail\u00a0:\u00a0antoineoran@lesassembleurs.fr Responsable publication\u00a0: Antoine ORANLe responsable publication est une personne physique ou une personne morale. Cr\u00e9ation : L\u00f6 Design &#8211; Laure MOREY &#8211; www.laure-morey.comWebmaster : L\u00f6 Design &#8211; Laure MOREY &#8211; www.laure-morey.comH\u00e9bergeur\u00a0: OVH SAS \u2013 2 rue Kellermann 59100 Roubaix, France 2. Conditions g\u00e9n\u00e9rales d&rsquo;utilisation du site et des services propos\u00e9s L&rsquo;utilisation du site https:\/\/www.lesassembleurs.fr\u00a0implique l&rsquo;acceptation pleine et enti\u00e8re des conditions g\u00e9n\u00e9rales d&rsquo;utilisation ci-apr\u00e8s d\u00e9crites qui sont susceptibles d&rsquo;\u00eatre modifi\u00e9es ou compl\u00e9t\u00e9es \u00e0 tout moment, les utilisateurs sont donc invit\u00e9s \u00e0 les consulter de mani\u00e8re r\u00e9guli\u00e8re. De la m\u00eame fa\u00e7on, les contenus de ce site sont mis \u00e0 jour r\u00e9guli\u00e8rement par le responsable de publication. 3. Description des services fournis Ce site internet a pour objet de fournir une information concernant l&rsquo;ensemble des activit\u00e9s de la soci\u00e9t\u00e9. Le responsable de publication s&rsquo;efforce de fournir sur le site internet, des informations aussi pr\u00e9cises que possible. Toutefois, il ne pourra \u00eatre tenu responsable des omissions, des inexactitudes et des carences dans la mise \u00e0 jour, qu&rsquo;elles soient de son fait ou du fait des tiers partenaires qui lui fournissent ces informations. Toutes les informations indiqu\u00e9es sur ce site internet sont donn\u00e9es \u00e0 titre indicatif, et sont susceptibles d&rsquo;\u00e9voluer. Par ailleurs, les renseignements y figurant ne sont pas exhaustifs. Ils sont donn\u00e9s sous r\u00e9serve de modifications ayant \u00e9t\u00e9 apport\u00e9es depuis leur mise en ligne. 4. Limitations contractuelles sur les donn\u00e9es techniques Ce site internet utilise la technologie JavaScript. Ce site internet ne pourra \u00eatre tenu responsable de dommages mat\u00e9riels li\u00e9s \u00e0 l&rsquo;utilisation du site. De plus, l&rsquo;utilisateur du site s&rsquo;engage \u00e0 acc\u00e9der au site en utilisant un mat\u00e9riel r\u00e9cent, ne contenant pas de virus et avec un navigateur de derni\u00e8re g\u00e9n\u00e9ration mis-\u00e0-jour. 5. Propri\u00e9t\u00e9 intellectuelle et contrefa\u00e7ons Le responsable de publication est propri\u00e9taire des droits de propri\u00e9t\u00e9s intellectuelles ou d\u00e9tient les droits d&rsquo;usage sur tous les \u00e9l\u00e9ments accessibles sur le site (textes, images, vid\u00e9os\u2026 Toute reproduction, repr\u00e9sentation, modification, publication, adaptation de tout ou partie des \u00e9l\u00e9ments du site, est interdite, sauf autorisation \u00e9crite pr\u00e9alable du responsable de publication. 6. Gestion des donn\u00e9es personnelles A l&rsquo;occasion de l&rsquo;utilisation de ce site internet, peuvent \u00eatres recueillies : l&rsquo;URL des liens par l&rsquo;interm\u00e9diaire desquels l&rsquo;utilisateur a acc\u00e9d\u00e9 au site, l&rsquo;adresse de protocole Internet (IP) de l&rsquo;utilisateur. En tout \u00e9tat de cause, le responsable de publication ne collecte des informations personnelles relatives \u00e0 l&rsquo;utilisateur que pour le besoin de certains services propos\u00e9s par le site comme un formulaire de contact ou un espace compte ou encore des outils de statistiques du site. Aucune information personnelle de l&rsquo;utilisateur du site n&rsquo;est publi\u00e9e \u00e0 l&rsquo;insu de l&rsquo;utilisateur, \u00e9chang\u00e9e, transf\u00e9r\u00e9e, c\u00e9d\u00e9e ou vendue sur un support quelconque \u00e0 des tiers. Conform\u00e9ment aux articles 38 et suivants de la loi 78-17 du 6 janvier 1978 relative \u00e0 l&rsquo;informatique, aux fichiers et aux libert\u00e9s, tout utilisateur dispose d&rsquo;un droit d&rsquo;acc\u00e8s, de rectification et d&rsquo;opposition aux donn\u00e9es personnelles le concernant, en effectuant sa demande \u00e9crite et sign\u00e9e, accompagn\u00e9e d&rsquo;une copie du titre d&rsquo;identit\u00e9 avec signature du titulaire de la pi\u00e8ce, par courrier postal indiqu\u00e9 ci-dessus ou directement par email \u00e0\u00a0antoineoran@lesassembleurs.fr. Lire la page\u00a0Confidentialit\u00e9 6. Liens hypertextes et cookies Ce site internet peut contenir des liens hypertextes vers d&rsquo;autres sites, mis en place avec l&rsquo;autorisation du responsable de publication. Cependant, il n&rsquo;a pas la possibilit\u00e9 de v\u00e9rifier le contenu des sites ainsi visit\u00e9s, et n&rsquo;assumera en cons\u00e9quence aucune responsabilit\u00e9 de ce fait. La navigation sur le site est susceptible de provoquer l&rsquo;installation de cookie(s) sur l&rsquo;ordinateur de l&rsquo;utilisateur. Un cookie est un fichier de petite taille, qui ne permet pas l&rsquo;identification de l&rsquo;utilisateur, mais qui enregistre des informations relatives \u00e0 la navigation d&rsquo;un ordinateur sur un site. Les donn\u00e9es ainsi obtenues visent \u00e0 faciliter la navigation ult\u00e9rieure sur le site, et ont \u00e9galement vocation \u00e0 permettre diverses mesures de fr\u00e9quentation. Le refus d&rsquo;installation d&rsquo;un cookie peut entra\u00eener l&rsquo;impossibilit\u00e9 d&rsquo;acc\u00e9der \u00e0 certains services. L&rsquo;utilisateur peut toutefois configurer son ordinateur de la mani\u00e8re suivante, pour refuser l&rsquo;installation des cookies, vous pouvez g\u00e9rer vos pr\u00e9f\u00e9rences via le bandeau de cookie propos\u00e9 au d\u00e9but de la navigation du site ou modifier ce param\u00e8tre directement via la configuration de votre navigateur. (cf. pour Chrome, Firefox, Safari\u2026).<\/p>","protected":false},"author":3,"featured_media":0,"parent":0,"menu_order":0,"comment_status":"closed","ping_status":"closed","template":"","meta":{"footnotes":""},"class_list":["post-62","page","type-page","status-publish","hentry"],"yoast_head":"<!-- This site is optimized with the Yoast SEO plugin v28.4 - https:\/\/yoast.com\/product\/yoast-seo-wordpress\/ -->\n<title>Toutes les informations l\u00e9gales - Les Assembleurs Restaurant Lyon<\/title>\n<meta name=\"description\" content=\"D\u00e9couvrez toutes les mentions et informations l\u00e9gales du site internet de la franchise Les Assembleurs, bar \u00e0 vin et restaurant \u00e0 Lyon.\" \/>\n<meta name=\"robots\" content=\"index, follow, max-snippet:-1, max-image-preview:large, max-video-preview:-1\" \/>\n<link rel=\"canonical\" href=\"https:\/\/www.lesassembleurs.fr\/en\/mentions-legales\/\" \/>\n<meta property=\"og:locale\" content=\"en_US\" \/>\n<meta property=\"og:type\" content=\"article\" \/>\n<meta property=\"og:title\" content=\"Toutes les informations l\u00e9gales - Les Assembleurs Restaurant Lyon\" \/>\n<meta property=\"og:description\" content=\"D\u00e9couvrez toutes les mentions et informations l\u00e9gales du site internet de la franchise Les Assembleurs, bar \u00e0 vin et restaurant \u00e0 Lyon.\" \/>\n<meta property=\"og:url\" content=\"https:\/\/www.lesassembleurs.fr\/en\/mentions-legales\/\" \/>\n<meta property=\"og:site_name\" content=\"Les Assembleurs - Restaurants\" \/>\n<meta property=\"article:modified_time\" content=\"2024-04-09T11:49:59+00:00\" \/>\n<meta property=\"og:image\" content=\"https:\/\/www.lesassembleurs.fr\/wp-content\/uploads\/2024\/03\/logo-les-assembleurs-white-wine.svg\" \/>\n<meta name=\"twitter:card\" content=\"summary_large_image\" \/>\n<meta name=\"twitter:label1\" content=\"Est. reading time\" \/>\n\t<meta name=\"twitter:data1\" content=\"4 minutes\" \/>\n<script type=\"application\/ld+json\" class=\"yoast-schema-graph\">{\"@context\":\"https:\\\/\\\/schema.org\",\"@graph\":[{\"@type\":\"WebPage\",\"@id\":\"https:\\\/\\\/www.lesassembleurs.fr\\\/mentions-legales\\\/\",\"url\":\"https:\\\/\\\/www.lesassembleurs.fr\\\/mentions-legales\\\/\",\"name\":\"Toutes les informations l\u00e9gales - Les Assembleurs Restaurant Lyon\",\"isPartOf\":{\"@id\":\"https:\\\/\\\/www.lesassembleurs.fr\\\/#website\"},\"primaryImageOfPage\":{\"@id\":\"https:\\\/\\\/www.lesassembleurs.fr\\\/mentions-legales\\\/#primaryimage\"},\"image\":{\"@id\":\"https:\\\/\\\/www.lesassembleurs.fr\\\/mentions-legales\\\/#primaryimage\"},\"thumbnailUrl\":\"https:\\\/\\\/www.lesassembleurs.fr\\\/wp-content\\\/uploads\\\/2024\\\/03\\\/logo-les-assembleurs-white-wine.svg\",\"datePublished\":\"2024-01-30T10:36:54+00:00\",\"dateModified\":\"2024-04-09T11:49:59+00:00\",\"description\":\"D\u00e9couvrez toutes les mentions et informations l\u00e9gales du site internet de la franchise Les Assembleurs, bar \u00e0 vin et restaurant \u00e0 Lyon.\",\"breadcrumb\":{\"@id\":\"https:\\\/\\\/www.lesassembleurs.fr\\\/mentions-legales\\\/#breadcrumb\"},\"inLanguage\":\"en-US\",\"potentialAction\":[{\"@type\":\"ReadAction\",\"target\":[\"https:\\\/\\\/www.lesassembleurs.fr\\\/mentions-legales\\\/\"]}]},{\"@type\":\"ImageObject\",\"inLanguage\":\"en-US\",\"@id\":\"https:\\\/\\\/www.lesassembleurs.fr\\\/mentions-legales\\\/#primaryimage\",\"url\":\"https:\\\/\\\/www.lesassembleurs.fr\\\/wp-content\\\/uploads\\\/2024\\\/03\\\/logo-les-assembleurs-white-wine.svg\",\"contentUrl\":\"https:\\\/\\\/www.lesassembleurs.fr\\\/wp-content\\\/uploads\\\/2024\\\/03\\\/logo-les-assembleurs-white-wine.svg\"},{\"@type\":\"BreadcrumbList\",\"@id\":\"https:\\\/\\\/www.lesassembleurs.fr\\\/mentions-legales\\\/#breadcrumb\",\"itemListElement\":[{\"@type\":\"ListItem\",\"position\":1,\"name\":\"Accueil\",\"item\":\"https:\\\/\\\/www.lesassembleurs.fr\\\/\"},{\"@type\":\"ListItem\",\"position\":2,\"name\":\"Mentions l\u00e9gales\"}]},{\"@type\":\"WebSite\",\"@id\":\"https:\\\/\\\/www.lesassembleurs.fr\\\/#website\",\"url\":\"https:\\\/\\\/www.lesassembleurs.fr\\\/\",\"name\":\"Les Assembleurs - Restaurants\",\"description\":\"Bars \u00e0 vin et restaurants \u00e0 Lyon : nos vins et une cuisine pr\u00e9par\u00e9e sur place avec des produits frais et de saison, \u00e0 Pr\u00e9fecture et Garibaldi.\",\"publisher\":{\"@id\":\"https:\\\/\\\/www.lesassembleurs.fr\\\/#organization\"},\"potentialAction\":[{\"@type\":\"SearchAction\",\"target\":{\"@type\":\"EntryPoint\",\"urlTemplate\":\"https:\\\/\\\/www.lesassembleurs.fr\\\/?s={search_term_string}\"},\"query-input\":{\"@type\":\"PropertyValueSpecification\",\"valueRequired\":true,\"valueName\":\"search_term_string\"}}],\"inLanguage\":\"en-US\"},{\"@type\":\"Organization\",\"@id\":\"https:\\\/\\\/www.lesassembleurs.fr\\\/#organization\",\"name\":\"Les Assembleurs - Restaurants\",\"url\":\"https:\\\/\\\/www.lesassembleurs.fr\\\/\",\"logo\":{\"@type\":\"ImageObject\",\"inLanguage\":\"en-US\",\"@id\":\"https:\\\/\\\/www.lesassembleurs.fr\\\/#\\\/schema\\\/logo\\\/image\\\/\",\"url\":\"https:\\\/\\\/www.lesassembleurs.fr\\\/wp-content\\\/uploads\\\/2024\\\/01\\\/logo-les-assembleurs-1.svg\",\"contentUrl\":\"https:\\\/\\\/www.lesassembleurs.fr\\\/wp-content\\\/uploads\\\/2024\\\/01\\\/logo-les-assembleurs-1.svg\",\"width\":130,\"height\":130,\"caption\":\"Les Assembleurs - Restaurants\"},\"image\":{\"@id\":\"https:\\\/\\\/www.lesassembleurs.fr\\\/#\\\/schema\\\/logo\\\/image\\\/\"}}]}<\/script>\n<!-- \/ Yoast SEO plugin. -->","yoast_head_json":{"title":"Toutes les informations l\u00e9gales - Les Assembleurs Restaurant Lyon","description":"D\u00e9couvrez toutes les mentions et informations l\u00e9gales du site internet de la franchise Les Assembleurs, bar \u00e0 vin et restaurant \u00e0 Lyon.","robots":{"index":"index","follow":"follow","max-snippet":"max-snippet:-1","max-image-preview":"max-image-preview:large","max-video-preview":"max-video-preview:-1"},"canonical":"https:\/\/www.lesassembleurs.fr\/en\/mentions-legales\/","og_locale":"en_US","og_type":"article","og_title":"Toutes les informations l\u00e9gales - Les Assembleurs Restaurant Lyon","og_description":"D\u00e9couvrez toutes les mentions et informations l\u00e9gales du site internet de la franchise Les Assembleurs, bar \u00e0 vin et restaurant \u00e0 Lyon.","og_url":"https:\/\/www.lesassembleurs.fr\/en\/mentions-legales\/","og_site_name":"Les Assembleurs - Restaurants","article_modified_time":"2024-04-09T11:49:59+00:00","og_image":[{"url":"https:\/\/www.lesassembleurs.fr\/wp-content\/uploads\/2024\/03\/logo-les-assembleurs-white-wine.svg","type":"","width":"","height":""}],"twitter_card":"summary_large_image","twitter_misc":{"Est. reading time":"4 minutes"},"schema":{"@context":"https:\/\/schema.org","@graph":[{"@type":"WebPage","@id":"https:\/\/www.lesassembleurs.fr\/mentions-legales\/","url":"https:\/\/www.lesassembleurs.fr\/mentions-legales\/","name":"Toutes les informations l\u00e9gales - Les Assembleurs Restaurant Lyon","isPartOf":{"@id":"https:\/\/www.lesassembleurs.fr\/#website"},"primaryImageOfPage":{"@id":"https:\/\/www.lesassembleurs.fr\/mentions-legales\/#primaryimage"},"image":{"@id":"https:\/\/www.lesassembleurs.fr\/mentions-legales\/#primaryimage"},"thumbnailUrl":"https:\/\/www.lesassembleurs.fr\/wp-content\/uploads\/2024\/03\/logo-les-assembleurs-white-wine.svg","datePublished":"2024-01-30T10:36:54+00:00","dateModified":"2024-04-09T11:49:59+00:00","description":"D\u00e9couvrez toutes les mentions et informations l\u00e9gales du site internet de la franchise Les Assembleurs, bar \u00e0 vin et restaurant \u00e0 Lyon.","breadcrumb":{"@id":"https:\/\/www.lesassembleurs.fr\/mentions-legales\/#breadcrumb"},"inLanguage":"en-US","potentialAction":[{"@type":"ReadAction","target":["https:\/\/www.lesassembleurs.fr\/mentions-legales\/"]}]},{"@type":"ImageObject","inLanguage":"en-US","@id":"https:\/\/www.lesassembleurs.fr\/mentions-legales\/#primaryimage","url":"https:\/\/www.lesassembleurs.fr\/wp-content\/uploads\/2024\/03\/logo-les-assembleurs-white-wine.svg","contentUrl":"https:\/\/www.lesassembleurs.fr\/wp-content\/uploads\/2024\/03\/logo-les-assembleurs-white-wine.svg"},{"@type":"BreadcrumbList","@id":"https:\/\/www.lesassembleurs.fr\/mentions-legales\/#breadcrumb","itemListElement":[{"@type":"ListItem","position":1,"name":"Accueil","item":"https:\/\/www.lesassembleurs.fr\/"},{"@type":"ListItem","position":2,"name":"Mentions l\u00e9gales"}]},{"@type":"WebSite","@id":"https:\/\/www.lesassembleurs.fr\/#website","url":"https:\/\/www.lesassembleurs.fr\/","name":"Les Assembleurs - Restaurants","description":"Bars \u00e0 vin et restaurants \u00e0 Lyon : nos vins et une cuisine pr\u00e9par\u00e9e sur place avec des produits frais et de saison, \u00e0 Pr\u00e9fecture et Garibaldi.","publisher":{"@id":"https:\/\/www.lesassembleurs.fr\/#organization"},"potentialAction":[{"@type":"SearchAction","target":{"@type":"EntryPoint","urlTemplate":"https:\/\/www.lesassembleurs.fr\/?s={search_term_string}"},"query-input":{"@type":"PropertyValueSpecification","valueRequired":true,"valueName":"search_term_string"}}],"inLanguage":"en-US"},{"@type":"Organization","@id":"https:\/\/www.lesassembleurs.fr\/#organization","name":"Les Assembleurs - Restaurants","url":"https:\/\/www.lesassembleurs.fr\/","logo":{"@type":"ImageObject","inLanguage":"en-US","@id":"https:\/\/www.lesassembleurs.fr\/#\/schema\/logo\/image\/","url":"https:\/\/www.lesassembleurs.fr\/wp-content\/uploads\/2024\/01\/logo-les-assembleurs-1.svg","contentUrl":"https:\/\/www.lesassembleurs.fr\/wp-content\/uploads\/2024\/01\/logo-les-assembleurs-1.svg","width":130,"height":130,"caption":"Les Assembleurs - Restaurants"},"image":{"@id":"https:\/\/www.lesassembleurs.fr\/#\/schema\/logo\/image\/"}}]}},"_links":{"self":[{"href":"https:\/\/www.lesassembleurs.fr\/en\/wp-json\/wp\/v2\/pages\/62","targetHints":{"allow":["GET"]}}],"collection":[{"href":"https:\/\/www.lesassembleurs.fr\/en\/wp-json\/wp\/v2\/pages"}],"about":[{"href":"https:\/\/www.lesassembleurs.fr\/en\/wp-json\/wp\/v2\/types\/page"}],"author":[{"embeddable":true,"href":"https:\/\/www.lesassembleurs.fr\/en\/wp-json\/wp\/v2\/users\/3"}],"replies":[{"embeddable":true,"href":"https:\/\/www.lesassembleurs.fr\/en\/wp-json\/wp\/v2\/comments?post=62"}],"version-history":[{"count":0,"href":"https:\/\/www.lesassembleurs.fr\/en\/wp-json\/wp\/v2\/pages\/62\/revisions"}],"wp:attachment":[{"href":"https:\/\/www.lesassembleurs.fr\/en\/wp-json\/wp\/v2\/media?parent=62"}],"curies":[{"name":"wp","href":"https:\/\/api.w.org\/{rel}","templated":true}]}}